{"id":710,"date":"2018-03-11T17:50:42","date_gmt":"2018-03-11T16:50:42","guid":{"rendered":"http:\/\/www.abeanglobal.com\/?page_id=710"},"modified":"2022-11-07T10:35:36","modified_gmt":"2022-11-07T09:35:36","slug":"instituto-nacional-de-tecnica-aeroespacial","status":"publish","type":"page","link":"https:\/\/www.tecnolivo.eu\/pt-pt\/instituto-nacional-de-tecnica-aeroespacial\/","title":{"rendered":"Instituto Nacional de T\u00e9cnica Aeroespacial"},"content":{"rendered":"<p>[vc_row type=&#8221;vc_default&#8221; content_placement=&#8221;bottom&#8221; bg_type=&#8221;image&#8221; parallax_style=&#8221;vcpb-default&#8221; bg_image_new=&#8221;id^812|url^http:\/\/www.abeanglobal.com\/wp-content\/uploads\/2018\/03\/olives-175.jpg|caption^null|alt^null|title^olives-175|description^null&#8221; bg_image_posiiton=&#8221;center&#8221; bg_override=&#8221;ex-full&#8221; enable_overlay=&#8221;enable_overlay_value&#8221; overlay_color=&#8221;rgba(0,0,0,0.24)&#8221; seperator_enable=&#8221;seperator_enable_value&#8221; seperator_type=&#8221;tilt_left_seperator&#8221; seperator_position=&#8221;bottom_seperator&#8221; seperator_svg_height=&#8221;80&#8243; css=&#8221;.vc_custom_1521208697612{margin-top: -80px !important;}&#8221;][vc_column offset=&#8221;vc_hidden-sm vc_hidden-xs&#8221;]<div id=\"ultimate-heading-71269f2b9614c00f\" class=\"uvc-heading ult-adjust-bottom-margin ultimate-heading-71269f2b9614c00f uvc-6487 \" data-hspacer=\"no_spacer\"  data-halign=\"left\" style=\"text-align:left\"><div class=\"uvc-heading-spacer no_spacer\" style=\"top\"><\/div><div class=\"uvc-main-heading ult-responsive\"  data-ultimate-target='.uvc-heading.ultimate-heading-71269f2b9614c00f h1'  data-responsive-json-new='{\"font-size\":\"desktop:52px;tablet:42px;tablet_portrait:42px;mobile_landscape:32px;mobile:28px;\",\"line-height\":\"desktop:62px;tablet:52px;tablet_portrait:52px;mobile_landscape:42px;mobile:38px;\"}' ><h1 style=\"font-weight:bold;color:#ffffff;margin-top:10%;margin-bottom:7%;\">Instituto Nacional de T\u00e9cnica Aeroespacial<\/h1><\/div><\/div>[\/vc_column][\/vc_row][vc_row type=&#8221;vc_default&#8221; content_placement=&#8221;bottom&#8221; bg_type=&#8221;image&#8221; parallax_style=&#8221;vcpb-default&#8221; bg_image_new=&#8221;id^812|url^http:\/\/www.abeanglobal.com\/wp-content\/uploads\/2018\/03\/olives-175.jpg|caption^null|alt^null|title^olives-175|description^null&#8221; bg_image_posiiton=&#8221;center&#8221; bg_override=&#8221;ex-full&#8221; enable_overlay=&#8221;enable_overlay_value&#8221; overlay_color=&#8221;rgba(0,0,0,0.24)&#8221; seperator_enable=&#8221;seperator_enable_value&#8221; seperator_type=&#8221;tilt_left_seperator&#8221; seperator_position=&#8221;bottom_seperator&#8221; seperator_svg_height=&#8221;40&#8243;][vc_column offset=&#8221;vc_hidden-lg vc_hidden-md&#8221;]<div id=\"ultimate-heading-960869f2b9614c04b\" class=\"uvc-heading ult-adjust-bottom-margin ultimate-heading-960869f2b9614c04b uvc-2622 \" data-hspacer=\"no_spacer\"  data-halign=\"left\" style=\"text-align:left\"><div class=\"uvc-heading-spacer no_spacer\" style=\"top\"><\/div><div class=\"uvc-main-heading ult-responsive\"  data-ultimate-target='.uvc-heading.ultimate-heading-960869f2b9614c04b h1'  data-responsive-json-new='{\"font-size\":\"desktop:52px;tablet:42px;tablet_portrait:42px;mobile_landscape:32px;mobile:28px;\",\"line-height\":\"desktop:62px;tablet:52px;tablet_portrait:52px;mobile_landscape:42px;mobile:38px;\"}' ><h1 style=\"font-weight:bold;color:#ffffff;margin-top:10%;margin-bottom:12%;\">Instituto Nacional de T\u00e9cnica Aeroespacial<\/h1><\/div><\/div>[\/vc_column][\/vc_row][vc_row type=&#8221;vc_default&#8221; equal_height=&#8221;yes&#8221; content_placement=&#8221;middle&#8221; css=&#8221;.vc_custom_1519216588118{margin-top: -40px !important;}&#8221;][vc_column width=&#8221;1\/4&#8243;][vc_single_image image=&#8221;419&#8243; img_size=&#8221;200&#215;200&#8243; alignment=&#8221;center&#8221; image_hovers=&#8221;false&#8221;][\/vc_column][vc_column width=&#8221;3\/4&#8243;][vc_row_inner][vc_column_inner width=&#8221;1\/3&#8243;][vc_column_text]<\/p>\n<p style=\"text-align: left;\"><strong>Organiza\u00e7\u00e3o:<\/strong><\/p>\n<p>[\/vc_column_text][\/vc_column_inner][vc_column_inner width=&#8221;2\/3&#8243;][vc_column_text]Instituto Nacional de T\u00e9cnica Aeroespacial (INTA)[\/vc_column_text][\/vc_column_inner][\/vc_row_inner][vc_row_inner][vc_column_inner width=&#8221;1\/3&#8243;][vc_column_text]<\/p>\n<p style=\"text-align: left;\"><strong>Contacto:<\/strong><\/p>\n<p>[\/vc_column_text][\/vc_column_inner][vc_column_inner width=&#8221;2\/3&#8243;][vc_column_text]Fernando Isorna[\/vc_column_text][\/vc_column_inner][\/vc_row_inner][vc_row_inner][vc_column_inner width=&#8221;1\/3&#8243;][vc_column_text]<\/p>\n<p style=\"text-align: left;\"><strong>Telefone:\u00a0<\/strong><\/p>\n<p>[\/vc_column_text][\/vc_column_inner][vc_column_inner width=&#8221;2\/3&#8243;][vc_column_text]+34 915 202 005[\/vc_column_text][\/vc_column_inner][\/vc_row_inner][vc_row_inner][vc_column_inner width=&#8221;1\/3&#8243;][vc_column_text]<\/p>\n<p style=\"text-align: left;\"><strong>Correio Eletr\u00f4nico:\u00a0<\/strong><\/p>\n<p>[\/vc_column_text][\/vc_column_inner][vc_column_inner width=&#8221;2\/3&#8243;][vc_column_text]isornaf@inta.es[\/vc_column_text][\/vc_column_inner][\/vc_row_inner][vc_row_inner][vc_column_inner width=&#8221;1\/3&#8243;][vc_column_text]<\/p>\n<p style=\"text-align: left;\"><strong>NUT C\u00f3digo III Provincia:\u00a0<\/strong><\/p>\n<p>[\/vc_column_text][\/vc_column_inner][vc_column_inner width=&#8221;2\/3&#8243;][vc_column_text]ES615 \u2013 Huelva[\/vc_column_text][\/vc_column_inner][\/vc_row_inner][\/vc_column][\/vc_row][vc_row][vc_column][vc_empty_space][vc_column_text]<\/p>\n<p style=\"text-align: justify;\">O Instituto Nacional de T\u00e9cnica Aeroespacial (INTA), fundado em 1942, \u00e9 um organismo p\u00fablico de investiga\u00e7\u00e3o adscrito ao Minist\u00e9rio de Defesa espanhol. Por lo tanto, \u00e9 uma organiza\u00e7\u00e3o governamental sob as decis\u00f5es diretas do Governo da Secretaria de Estado de Defesa.<\/p>\n<p style=\"text-align: justify;\">INTA se concibe como uma organiza\u00e7\u00e3o de investiga\u00e7\u00e3o p\u00fablica especializada em investiga\u00e7\u00e3o aeroespacial e desenvolvimento de tecnologia. Entre as principais fun\u00e7\u00f5es, cabe mencionar que, o INTA brinda assess\u00eda t\u00e9cnica e servi\u00e7os a cuerpos e organismos governamentais, e tamb\u00e9m \u00e0s empresas industriais o tecnol\u00f3gicas. INTA tem uma ampla experi\u00eancia em tecnologia espacial e investiga\u00e7\u00e3o cient\u00edfica, assim como na aplica\u00e7\u00e3o das tecnologias tecnologias.<\/p>\n<p style=\"text-align: justify;\">Al\u00e9m disso, desde 1962, o INTA apoia os processos de R&amp;D para qualquer tipo de programas e atividades aeron\u00e1uticos e cient\u00edficos. Muchas provas se levaram ao cabo do centro de investiga\u00e7\u00e3o &#8216;El Arenosillo&#8217; (INTA \/ CEDEA). INTA brinda, tamb\u00e9m, as for\u00e7as armadas espanholas e outras internacionais, assim como a ind\u00fastria aeron\u00e1utica e aeroespacial. INTA \/ CEDEA \u00e9 respons\u00e1vel pela prepara\u00e7\u00e3o, seguran\u00e7a e controle, acompanhamento de radar e v\u00eddeo, registro de dados e avalia\u00e7\u00e3o de opera\u00e7\u00f5es, em assuntos militares e industriais, no campo da acepta\u00e7\u00e3o, certifica\u00e7\u00e3o, integra\u00e7\u00e3o, califica\u00e7\u00e3o e forma\u00e7\u00e3o (prop\u00f3sitos t\u00e1cticos o generales).<\/p>\n<p style=\"text-align: justify;\">O projeto TecnOlivo forma parte das linhas priorit\u00e1rias do Centro RPAs y del \u00c1rea de Energias Renov\u00e1veis \u200b\u200bdo INTA, centrando-se na avalia\u00e7\u00e3o e demostra\u00e7\u00e3o de tecnologias relacionadas com a integra\u00e7\u00e3o de equipamentos em sistemas sem tripula\u00e7\u00f5es e encaixe com diferentes tecnologias de armazenamento de energia en aviones.<\/p>\n<p>[\/vc_column_text][\/vc_column][\/vc_row]<\/p>\n","protected":false},"excerpt":{"rendered":"<p>[vc_row type=&#8221;vc_default&#8221; content_placement=&#8221;bottom&#8221; bg_type=&#8221;image&#8221; parallax_style=&#8221;vcpb-default&#8221; bg_image_new=&#8221;id^812|url^http:\/\/www.abeanglobal.com\/wp-content\/uploads\/2018\/03\/olives-175.jpg|caption^null|alt^null|title^olives-175|description^null&#8221; bg_image_posiiton=&#8221;center&#8221; bg_override=&#8221;ex-full&#8221; enable_overlay=&#8221;enable_overlay_value&#8221; overlay_color=&#8221;rgba(0,0,0,0.24)&#8221; seperator_enable=&#8221;seperator_enable_value&#8221; seperator_type=&#8221;tilt_left_seperator&#8221; seperator_position=&#8221;bottom_seperator&#8221; seperator_svg_height=&#8221;80&#8243; css=&#8221;.vc_custom_1521208697612{margin-top: -80px !important;}&#8221;][vc_column offset=&#8221;vc_hidden-sm vc_hidden-xs&#8221;][\/vc_column][\/vc_row][vc_row type=&#8221;vc_default&#8221; content_placement=&#8221;bottom&#8221; bg_type=&#8221;image&#8221; parallax_style=&#8221;vcpb-default&#8221; bg_image_new=&#8221;id^812|url^http:\/\/www.abeanglobal.com\/wp-content\/uploads\/2018\/03\/olives-175.jpg|caption^null|alt^null|title^olives-175|description^null&#8221; bg_image_posiiton=&#8221;center&#8221; bg_override=&#8221;ex-full&#8221; enable_overlay=&#8221;enable_overlay_value&#8221; overlay_color=&#8221;rgba(0,0,0,0.24)&#8221; seperator_enable=&#8221;seperator_enable_value&#8221; seperator_type=&#8221;tilt_left_seperator&#8221; seperator_position=&#8221;bottom_seperator&#8221; seperator_svg_height=&#8221;40&#8243;][vc_column offset=&#8221;vc_hidden-lg vc_hidden-md&#8221;][\/vc_column][\/vc_row][vc_row type=&#8221;vc_default&#8221; equal_height=&#8221;yes&#8221; content_placement=&#8221;middle&#8221; css=&#8221;.vc_custom_1519216588118{margin-top: -40px !important;}&#8221;][vc_column width=&#8221;1\/4&#8243;][vc_single_image image=&#8221;419&#8243; img_size=&#8221;200&#215;200&#8243; alignment=&#8221;center&#8221; image_hovers=&#8221;false&#8221;][\/vc_column][vc_column width=&#8221;3\/4&#8243;][vc_row_inner][vc_column_inner width=&#8221;1\/3&#8243;][vc_column_text] Organiza\u00e7\u00e3o: [\/vc_column_text][\/vc_column_inner][vc_column_inner width=&#8221;2\/3&#8243;][vc_column_text]Instituto Nacional de T\u00e9cnica Aeroespacial (INTA)[\/vc_column_text][\/vc_column_inner][\/vc_row_inner][vc_row_inner][vc_column_inner&hellip;<\/p>\n","protected":false},"author":1,"featured_media":0,"parent":0,"menu_order":0,"comment_status":"closed","ping_status":"closed","template":"","meta":[],"_links":{"self":[{"href":"https:\/\/www.tecnolivo.eu\/pt-pt\/wp-json\/wp\/v2\/pages\/710"}],"collection":[{"href":"https:\/\/www.tecnolivo.eu\/pt-pt\/wp-json\/wp\/v2\/pages"}],"about":[{"href":"https:\/\/www.tecnolivo.eu\/pt-pt\/wp-json\/wp\/v2\/types\/page"}],"author":[{"embeddable":true,"href":"https:\/\/www.tecnolivo.eu\/pt-pt\/wp-json\/wp\/v2\/users\/1"}],"replies":[{"embeddable":true,"href":"https:\/\/www.tecnolivo.eu\/pt-pt\/wp-json\/wp\/v2\/comments?post=710"}],"version-history":[{"count":8,"href":"https:\/\/www.tecnolivo.eu\/pt-pt\/wp-json\/wp\/v2\/pages\/710\/revisions"}],"predecessor-version":[{"id":1283,"href":"https:\/\/www.tecnolivo.eu\/pt-pt\/wp-json\/wp\/v2\/pages\/710\/revisions\/1283"}],"wp:attachment":[{"href":"https:\/\/www.tecnolivo.eu\/pt-pt\/wp-json\/wp\/v2\/media?parent=710"}],"curies":[{"name":"wp","href":"https:\/\/api.w.org\/{rel}","templated":true}]}}